{"id":3254,"date":"2016-02-17T09:27:18","date_gmt":"2016-02-17T08:27:18","guid":{"rendered":"\/amt\/?page_id=3254"},"modified":"2026-04-17T09:44:25","modified_gmt":"2026-04-17T07:44:25","slug":"ascensori","status":"publish","type":"page","link":"https:\/\/www.amt.genova.it\/amt\/trasporto-multimodale\/ascensori\/","title":{"rendered":"Ascensori"},"content":{"rendered":"<p>Genova \u00e8 citt\u00e0 in salita, dove le strade strette, che si affiancano alle <em>creuze <\/em>in mattoni, si arrampicano tra i palazzi costruiti sulle colline. \u00c8 in alcuni di questi quartieri che tra l'inizio del 1900 e gli anni '80 sono stati costruiti ascensori pubblici, diventati presto per molti genovesi punto di riferimento tra le alture e il centro citt\u00e0. AMT gestisce oggi\u00a0<strong>14 ascensori<\/strong>.<\/p>\n<div class=\"row \">\n<div class=\"span4 \"><p><img loading=\"lazy\" decoding=\"async\" class=\"alignnone wp-image-25025\" src=\"\/amt\/wp-content\/uploads\/2021\/01\/castelletto.jpg\" alt=\"\" width=\"251\" height=\"168\" \/><strong><br \/>\n<\/strong><\/p>\n<p><strong>Ascensore Castelletto Levante<br \/>\n<\/strong><\/p>\n<p style=\"text-align: justify;\">Collega, con un dislivello di 57 metri, <strong>piazza Portello<\/strong> a <strong>spianata Castelletto<\/strong>, belvedere della citt\u00e0 in circonvallazione a monte, da cui si pu\u00f2 ammirare uno dei pi\u00f9 suggestivi panorami di Genova. <strong>\u00c8<\/strong> <strong>aperto nei giorni feriali e festivi dalle 6.40 alle 24.00. \u00a0<\/strong>Nei pressi della stazione superiore fanno capolinea i bus delle linee 374, 375 e 377 che collegano la spianata con i quartieri al di sopra della circonvallazione a monte.<br \/>\n<strong><a href=\"https:\/\/www.amt.genova.it\/amt\/trasporto-multimodale\/ascensori\/lascensore-castelletto-levante-un-viaggio-nel900\/\">Leggi di pi\u00f9 &gt;<\/a><\/strong><\/p>\n<p>&nbsp;<\/p><\/div>\n<div class=\"span4 \"><p><img loading=\"lazy\" decoding=\"async\" class=\"alignnone wp-image-20854 \" src=\"\/amt\/wp-content\/uploads\/2019\/09\/IMG_1883.jpg\" alt=\"\" width=\"243\" height=\"182\" srcset=\"https:\/\/www.amt.genova.it\/amt\/wp-content\/uploads\/2019\/09\/IMG_1883.jpg 640w, https:\/\/www.amt.genova.it\/amt\/wp-content\/uploads\/2019\/09\/IMG_1883-300x225.jpg 300w, https:\/\/www.amt.genova.it\/amt\/wp-content\/uploads\/2019\/09\/IMG_1883-200x150.jpg 200w\" sizes=\"auto, (max-width: 243px) 100vw, 243px\" \/><\/p>\n<p><strong>Ascensore Castelletto Ponente<\/strong><\/p>\n<p style=\"text-align: justify;\">Collega la Galleria Garibaldi (tra piazza Portello e largo Zecca) con Spianata Castelletto, uno dei punti panoramici pi\u00f9 suggestivi di Genova. L'ascensore \u00e8 aperto tutti i giorni, <strong>dal luned\u00ec alla domenica, dalle ore 6.40 alle 24.00.\u00a0<\/strong><\/p>\n<p><a href=\"https:\/\/www.amt.genova.it\/amt\/lascensore-castelletto-ponente-rinnova-il-suo-antico-fascino-e-torna-in-servizio\/\">L'ascensore Castelletto Ponente rinnova il suo antico fascino<\/a><\/p>\n<p>&nbsp;<\/p><\/div><div class=\"span4 \"><p><img loading=\"lazy\" decoding=\"async\" class=\"alignnone wp-image-7666\" src=\"\/amt\/wp-content\/uploads\/2016\/06\/ascensore-montegalletto.jpg\" alt=\"\" width=\"256\" height=\"171\" srcset=\"https:\/\/www.amt.genova.it\/amt\/wp-content\/uploads\/2016\/06\/ascensore-montegalletto.jpg 960w, https:\/\/www.amt.genova.it\/amt\/wp-content\/uploads\/2016\/06\/ascensore-montegalletto-768x512.jpg 768w\" sizes=\"auto, (max-width: 256px) 100vw, 256px\" \/><\/p>\n<p><strong>Ascensore Castello D'Albertis - Montegalletto<br \/>\n<\/strong><\/p>\n<p style=\"text-align: justify;\">Collega <strong>via Balbi<\/strong>, vicino alla stazione ferroviaria di Principe, a <strong>corso Dogali<\/strong>, servendo la circonvallazione a monte e il Museo Castello D'Albertis. Ha una capienza di 23 persone per ciascuna delle due cabine, equivalenti a una portata oraria di circa 400 persone per ogni senso di marcia. <strong>\u00c8 aperto nei giorni feriali dalle 7.10 alle 19.50, nei festivi dalle 7.15 alle 20.55<\/strong>.<br \/>\n<strong> <a href=\"\/amt\/trasporto-multimodale\/ascensori\/ascensore-montegalletto\/\">Leggi di pi\u00f9 &gt;<\/a><\/strong><\/p>\n<p>&nbsp;<\/p><\/div>\n<\/div><!-- .row (end) -->\n<div class=\"row \">\n<div class=\"span4 \"><p><img loading=\"lazy\" decoding=\"async\" class=\"alignnone wp-image-7670\" src=\"\/amt\/wp-content\/uploads\/2016\/06\/ascensore-viaxx-podesta.jpg\" alt=\"\" width=\"256\" height=\"171\" \/><\/p>\n<p><strong>Ascensore Ponte Monumentale<br \/>\n<\/strong><\/p>\n<p style=\"text-align: justify;\">L'ascensore collega <strong>via XX Settembre<\/strong> a <strong>corso Andrea Podest\u00e0<\/strong> nella zona di Carignano. <strong>\u00c8 aperto nei giorni feriali dalle 6.25 alle 21.40 e nei festivi dalle 8.00 alle 20.30. <span style=\"color: #ff0000;\">\u00a0<\/span><\/strong>La stazione di partenza si trova in prossimit\u00e0 del ponte Monumentale e collega, con una corsa di 23 metri, la centralissima via XX Settembre con corso Podest\u00e0 e l'ospedale Galliera. Ha due cabine della capienza di 18 persone ciascuna.<br \/>\n<a href=\"https:\/\/www.amt.genova.it\/amt\/ascensore-ponte-monumentale-di-nuovo-in-servizio-a-partire-da-lunedi-15-novembre\/\">Revisione trentennale 2021<\/a><\/p>\n<p>&nbsp;<\/p><\/div>\n<div class=\"span4 \"><p><img loading=\"lazy\" decoding=\"async\" class=\"alignnone wp-image-7665\" src=\"\/amt\/wp-content\/uploads\/2016\/06\/ascensore-manin-gottardo.jpg\" alt=\"\" width=\"256\" height=\"171\" srcset=\"https:\/\/www.amt.genova.it\/amt\/wp-content\/uploads\/2016\/06\/ascensore-manin-gottardo.jpg 899w, https:\/\/www.amt.genova.it\/amt\/wp-content\/uploads\/2016\/06\/ascensore-manin-gottardo-768x512.jpg 768w\" sizes=\"auto, (max-width: 256px) 100vw, 256px\" \/><\/p>\n<p><strong>Ascensore di piazza Manin<\/strong><\/p>\n<p style=\"text-align: justify;\">L\u2019ascensore collega, con un dislivello di 32 metri, la centrale <strong>piazza Manin<\/strong>, termine a est della circonvallazione a monte, con <strong>via Contardo<\/strong>, adiacente alla pi\u00f9 nota <strong>via Cabella<\/strong>.\u00a0<strong>\u00c8 <\/strong> <strong>aperto nei giorni feriali dalle 6.05 alle 24.00 e nei festivi dalle 7.20 alle 24.00.<br \/>\n<\/strong><a href=\"https:\/\/www.amt.genova.it\/amt\/ascensore-manin-contardo-in-servizio-da-giovedi-15-ottobre\/\">Revisione trentennale 2020<\/a><\/p>\n<p>&nbsp;<\/p><\/div>\n<div class=\"span4 \"><p><img loading=\"lazy\" decoding=\"async\" class=\"alignnone wp-image-3211 size-full\" src=\"\/amt\/wp-content\/uploads\/2016\/02\/ascensore-quezzi.jpg\" alt=\"\" width=\"255\" height=\"171\" \/><\/p>\n<p><strong>Ascensore di Quezzi<\/strong><\/p>\n<p style=\"text-align: justify;\">L'ascensore di Quezzi \u00e8 un impianto inclinato a pendenza variabile per il trasporto pubblico di persone. Collega <strong>via Pinetti<\/strong> a <strong>via Fontanarossa<\/strong> con una fermata intermedia in via Portazza. <strong>\u00c8 <\/strong> <strong>aperto dal luned\u00ec al sabato dalle 6.50 alle 19.50.<\/strong><br \/>\n<strong> <a href=\"\/amt\/trasporto-multimodale\/ascensori\/ascensore-di-quezzi\/\">Leggi di pi\u00f9 &gt;<\/a><\/strong><\/p>\n<p>&nbsp;<\/p><\/div>\n<\/div><!-- .row (end) -->\n<div class=\"row \">\n<div class=\"span4 \"><p><img loading=\"lazy\" decoding=\"async\" class=\"alignnone wp-image-10901 \" src=\"\/amt\/wp-content\/uploads\/2017\/03\/resized__MG_9645-1-e1490708783271-300x183.jpg\" width=\"285\" height=\"174\" srcset=\"https:\/\/www.amt.genova.it\/amt\/wp-content\/uploads\/2017\/03\/resized__MG_9645-1-e1490708783271-300x183.jpg 300w, https:\/\/www.amt.genova.it\/amt\/wp-content\/uploads\/2017\/03\/resized__MG_9645-1-e1490708783271.jpg 480w\" sizes=\"auto, (max-width: 285px) 100vw, 285px\" \/><\/p>\n<p><span style=\"color: #ff0000;\"><strong>ATTENZIONE<\/strong><\/span>: l'ascensore Cantore-Scassi \u00e8 chiuso. \u00c8 attualmente in servizio il bus sostitutivo <a href=\"https:\/\/www.amt.genova.it\/amt\/trasporto-multimodale\/partenze\/?linea=HS\">HS<\/a>.<\/p>\n<p><strong>Ascensore Cantore - Scassi<\/strong><\/p>\n<p>L\u2019ascensore Cantore - Scassi collega<strong> via Cantore<\/strong> con <strong>corso Scassi e l'ospedale.<\/strong><\/p><\/div>\n<div class=\"span4 \"><p><img loading=\"lazy\" decoding=\"async\" class=\"alignnone wp-image-7696\" src=\"\/amt\/wp-content\/uploads\/2016\/02\/ascensore-magenta-crocco.jpg\" alt=\"\" width=\"256\" height=\"171\" \/><\/p>\n<p><strong>Ascensore Magenta - Crocco<\/strong><\/p>\n<p>L\u2019impianto collega, con un dislivello di 49 metri, <strong>corso Magenta<\/strong> a <strong>via Crocco<\/strong>. La stazione inferiore \u00e8 a pochi passi dalla stazione di arrivo della funicolare Sant\u2019Anna e quindi in grado di collegare velocemente il centro citt\u00e0 con le\u00a0 alture. Ha due cabine della capienza di 30 persone ciascuna. <strong>\u00c8 aperto nei giorni feriali e festivi dalle 6.55 alle 0.40.<br \/>\n<\/strong><a href=\"https:\/\/www.amt.genova.it\/amt\/ascensore-magenta-crocco-completamente-rinnovato-limpianto-torna-in-servizio-venerdi-13-agosto\/\">Revisione trentennale 2021<\/a><\/p><\/div>\n<div class=\"span4 \"><p><img loading=\"lazy\" decoding=\"async\" class=\"alignnone wp-image-7664\" src=\"\/amt\/wp-content\/uploads\/2016\/06\/ascensore-dinocol.jpg\" alt=\"\" width=\"256\" height=\"171\" srcset=\"https:\/\/www.amt.genova.it\/amt\/wp-content\/uploads\/2016\/06\/ascensore-dinocol.jpg 874w, https:\/\/www.amt.genova.it\/amt\/wp-content\/uploads\/2016\/06\/ascensore-dinocol-768x512.jpg 768w\" sizes=\"auto, (max-width: 256px) 100vw, 256px\" \/><\/p>\n<p><strong>Ascensore di via Mura degli Angeli<\/strong><\/p>\n<p style=\"text-align: justify;\">Si trova a Sampierdarena e collega <strong>via Dino Col<\/strong> a <strong>via Mura degli Angeli<\/strong>. <strong>\u00c8 aperto nei giorni feriali dalle 6.10 alle 21.30 e nei festivi dalle 7.55 alle 21.15.<\/strong> <strong><span style=\"color: #ff0000;\">\u00a0<\/span><\/strong>Partendo dal termine di via Dino Col, con una corsa di 46 metri, l\u2019ascensore giunge in via Rigola, nella zona conosciuta come \"Mura degli Angeli\", uno dei quartieri pi\u00f9 popolosi della citt\u00e0. Ha due cabine della capienza di 10 persone ciascuna.<\/p>\n<p>&nbsp;<\/p><\/div>\n<\/div><!-- .row (end) -->\n<div class=\"row \">\n<div class=\"span4 \"><p><img loading=\"lazy\" decoding=\"async\" class=\"alignnone wp-image-7668\" src=\"\/amt\/wp-content\/uploads\/2016\/06\/ascensore-montello-e1465997268219.jpg\" alt=\"\" width=\"256\" height=\"168\" \/><\/p>\n<p><strong>Ascensore via Montello<\/strong><\/p>\n<p>Collega <strong>via Ponterotto<\/strong> a <strong>via Montello<\/strong>. <strong>\u00c8<\/strong> <strong> aperto nei giorni feriali dalle 7.00 alle 20.55 e nei festivi dalle 7.40 alle 19.45.<\/strong> <strong><span style=\"color: #ff0000;\">\u00a0<\/span><\/strong>La stazione di partenza \u00e8 collocata in una via interna, retrostante a via Canevari; l'arrivo \u00e8 inserito nell'atrio di un edificio privato in via Montello. La corsa verticale \u00e8 di 43 metri. \u00c8 un ascensore \"di quartiere\" e permette, tramite le linee bus 13 e 14, un rapido collegamento con il centro citt\u00e0. Ha due cabine della capienza di 10 persone ciascuna.<\/p>\n<p>&nbsp;<\/p><\/div>\n<div class=\"span4 \"><p><img loading=\"lazy\" decoding=\"async\" class=\"alignnone wp-image-3332 size-full\" src=\"\/amt\/wp-content\/uploads\/2016\/02\/icona-ascensori-big.jpg\" alt=\"\" width=\"255\" height=\"171\" \/><\/p>\n<p><strong>Ascensore di via Bari<br \/>\n<\/strong><\/p>\n<p>L\u2019ascensore collega <strong>via Adamo Centurione<\/strong> a <strong>via Bari<\/strong>. <strong>\u00c8 aperto tutti i giorni dalle 6.30 alle 20.30.\u00a0<\/strong><\/p>\n<p>&nbsp;<\/p>\n<p style=\"text-align: justify;\"><\/div>\n<div class=\"span4 \"><p><img loading=\"lazy\" decoding=\"async\" class=\"alignnone wp-image-3332 size-full\" src=\"\/amt\/wp-content\/uploads\/2016\/02\/icona-ascensori-big.jpg\" alt=\"\" width=\"255\" height=\"171\" \/><\/p>\n<p><strong>Ascensore Borgo Incrociati - corso Montegrappa<\/strong><br \/>\nL'ascensore, accessibile dalla stazione metro di Brignole, collega <strong>Borgo Incrociati<\/strong> con <strong>corso Montegrappa<\/strong>. \u00c8 aperto durante l'orario di servizio della metropolitana.<\/p><\/div>\n<p><strong>\u00a0<\/strong><\/div><!-- .row (end) -->\n<div class=\"row \">\n<div class=\"span4 \"><p><img loading=\"lazy\" decoding=\"async\" class=\"alignnone size-full wp-image-3332\" src=\"\/amt\/wp-content\/uploads\/2016\/02\/icona-ascensori-big.jpg\" alt=\"\" width=\"255\" height=\"171\" \/><\/p>\n<p><strong>Ascensori di via Puccini<br \/>\n<\/strong>Attenzione: fermi per revisione decennale.<strong> <a href=\"https:\/\/www.amt.genova.it\/amt\/ascensori-di-via-puccini-temporanea-sospensione-del-servizio-da-mercoledi-1-aprile\/\">Leggi la notizia<\/a><\/strong><\/p>\n<p>Collegano la <strong>stazione ferroviaria di Sestri Ponente con via Puccini<\/strong>. Sono in servizio nei giorni feriali e al sabato <strong>dalle 6.00 alle 22.40, <\/strong>nei festivi <strong>dalle 6.10 alle 22.40.<br \/>\n<\/strong><\/p>\n<p><span style=\"text-align: justify;\"><\/div><\/span><\/p>\n<div class=\"span4 \"><p><img loading=\"lazy\" decoding=\"async\" class=\"alignnone wp-image-29673\" src=\"\/amt\/wp-content\/uploads\/2021\/10\/Foto-ascensori-bolzanetojpg.jpg\" alt=\"\" width=\"202\" height=\"152\" srcset=\"https:\/\/www.amt.genova.it\/amt\/wp-content\/uploads\/2021\/10\/Foto-ascensori-bolzanetojpg.jpg 1024w, https:\/\/www.amt.genova.it\/amt\/wp-content\/uploads\/2021\/10\/Foto-ascensori-bolzanetojpg-300x225.jpg 300w, https:\/\/www.amt.genova.it\/amt\/wp-content\/uploads\/2021\/10\/Foto-ascensori-bolzanetojpg-768x577.jpg 768w, https:\/\/www.amt.genova.it\/amt\/wp-content\/uploads\/2021\/10\/Foto-ascensori-bolzanetojpg-200x150.jpg 200w\" sizes=\"auto, (max-width: 202px) 100vw, 202px\" \/><\/p>\n<p><strong>Ascensori di Bolzaneto (Ponte San Francesco)<\/strong><\/p>\n<p>Gli ascensori, a servizio del sottopasso ferroviario del ponte San Francesco, sono attivi da sabato 30 ottobre 2021, tutti i giorni, <strong>dal luned\u00ec alla domenica, dalle ore 6.35 alle ore 21.40.\u00a0<\/strong><\/p>\n<p><strong><span style=\"text-align: justify;\"><\/div><\/span>\u00a0<\/strong><\/p>\n<\/div><!-- .row (end) -->\n<hr \/>\n<ul>\n<li><a href=\"https:\/\/www.amt.genova.it\/amt\/regolamenti-di-viaggio\/\"><strong>Regolamento &gt;<\/strong><\/a><\/li>\n<li><strong><a href=\"\/amt\/wp-content\/uploads\/2019\/06\/IMPS-x-sito.png\" target=\"_blank\" rel=\"noopener\">Mappa Impianti Speciali &gt;<\/a><\/strong><\/li>\n<li><strong><a href=\"\/amt\/trasporto-multimodale\/servizio-disabili\/#ascensori\">Per le persone con difficolt\u00e0 motoria &gt;<\/a><\/strong><\/li>\n<\/ul>\n<div class=\"service-box \"><div class=\"service-box_body\"><h2 class=\"title\"><strong>Quali titoli di viaggio utilizzare<\/strong><\/h2><div class=\"service-box_txt\"><\/p>\n<p>Tutti i titoli di viaggio <strong>validi sulla rete urbana<\/strong>:<\/p>\n<ul>\n<li>Abbonamenti Annuali (escluso l\u2019abbonamento annuale Solo Extraurbano)<\/li>\n<li>Abbonamento Mensile<\/li>\n<li>Abbonamento Settimanale<\/li>\n<li>Carnet da 20\u20ac\/22\u20ac<\/li>\n<li>MetDaily<\/li>\n<li>biglietto 5 ore<\/li>\n<li>biglietto 4 corse da \u20ac 4,00<\/li>\n<li>il biglietto corsa singola da \u20ac 1,20<\/li>\n<li>Abbonamento Annuale Linee Periferiche e Ascensori<\/li>\n<\/ul>\n<p><\/div><\/div><\/div><!-- \/Service Box -->\n<hr \/>\n<p>Vuoi essere informato su eventuali variazioni del servizio sugli ascensori?<br \/>\nScarica la <a href=\"https:\/\/www.amt.genova.it\/amt\/trasporto-multimodale\/app-amt\/\">APP AMT<\/a> e attiva le <strong>notifiche<\/strong> dalle impostazioni. Puoi scegliere le tipologie di servizio che usi per rimanere sempre informato.<\/p>\n<h2><a href=\"https:\/\/www.amt.genova.it\/amt\/wp-content\/uploads\/2025\/01\/Libretto-TETTO-della-citta-ITALIANO-bassa.pdf\">Sul tetto della citt\u00e0<\/a><\/h2>\n<p>Per tutte le informazioni sugli impianti speciali, scarica il depliant.<\/p>\n<p><img loading=\"lazy\" decoding=\"async\" class=\"alignleft wp-image-38610\" src=\"https:\/\/www.amt.genova.it\/amt\/wp-content\/uploads\/2023\/04\/cover-Libretto-TETTO-della-citta-IT-300x300.jpg\" alt=\"\" width=\"201\" height=\"201\" srcset=\"https:\/\/www.amt.genova.it\/amt\/wp-content\/uploads\/2023\/04\/cover-Libretto-TETTO-della-citta-IT-300x300.jpg 300w, https:\/\/www.amt.genova.it\/amt\/wp-content\/uploads\/2023\/04\/cover-Libretto-TETTO-della-citta-IT-1024x1022.jpg 1024w, https:\/\/www.amt.genova.it\/amt\/wp-content\/uploads\/2023\/04\/cover-Libretto-TETTO-della-citta-IT-768x766.jpg 768w, https:\/\/www.amt.genova.it\/amt\/wp-content\/uploads\/2023\/04\/cover-Libretto-TETTO-della-citta-IT-1536x1533.jpg 1536w, https:\/\/www.amt.genova.it\/amt\/wp-content\/uploads\/2023\/04\/cover-Libretto-TETTO-della-citta-IT.jpg 1761w\" sizes=\"auto, (max-width: 201px) 100vw, 201px\" \/><\/p>\n<ul>\n<li><a href=\"https:\/\/www.amt.genova.it\/amt\/wp-content\/uploads\/2025\/01\/Libretto-TETTO-della-citta-ITALIANO-bassa.pdf\">Italiano<\/a><\/li>\n<li><a href=\"https:\/\/www.amt.genova.it\/amt\/wp-content\/uploads\/2025\/01\/Libretto-TETTO-della-citta-INGLESE-bassa.pdf\">English<\/a><\/li>\n<li><a href=\"https:\/\/www.amt.genova.it\/amt\/wp-content\/uploads\/2025\/01\/Libretto-TETTO-della-citta-FRANCESE-bassa.pdf\">Fran\u00e7ais<\/a><\/li>\n<\/ul>\n<p>&nbsp;<\/p>\n<p>&nbsp;<\/p>\n<p>&nbsp;<\/p>\n<p>&nbsp;<\/p>\n ","protected":false},"excerpt":{"rendered":"Genova \u00e8 citt\u00e0 in salita, dove le strade strette, che si affiancano alle creuze in mattoni, si arrampicano tra i palazzi costruiti sulle colline. \u00c8 in alcuni di questi quartieri che tra l'inizio del 1900 e gli anni '80 sono stati costruiti ascensori pubblici, diventati presto per molti genovesi punto di riferimento tra le alture e il centro citt\u00e0. AMT&nbsp;<a href=\"https:\/\/www.amt.genova.it\/amt\/trasporto-multimodale\/ascensori\/\" class=\"read-more\">Continue Reading<\/a>","protected":false},"author":1,"featured_media":0,"parent":2163,"menu_order":0,"comment_status":"closed","ping_status":"closed","template":"page-fullwidth.php","meta":{"footnotes":""},"class_list":["post-3254","page","type-page","status-publish","hentry"],"_links":{"self":[{"href":"https:\/\/www.amt.genova.it\/amt\/wp-json\/wp\/v2\/pages\/3254","targetHints":{"allow":["GET"]}}],"collection":[{"href":"https:\/\/www.amt.genova.it\/amt\/wp-json\/wp\/v2\/pages"}],"about":[{"href":"https:\/\/www.amt.genova.it\/amt\/wp-json\/wp\/v2\/types\/page"}],"author":[{"embeddable":true,"href":"https:\/\/www.amt.genova.it\/amt\/wp-json\/wp\/v2\/users\/1"}],"replies":[{"embeddable":true,"href":"https:\/\/www.amt.genova.it\/amt\/wp-json\/wp\/v2\/comments?post=3254"}],"version-history":[{"count":273,"href":"https:\/\/www.amt.genova.it\/amt\/wp-json\/wp\/v2\/pages\/3254\/revisions"}],"predecessor-version":[{"id":53045,"href":"https:\/\/www.amt.genova.it\/amt\/wp-json\/wp\/v2\/pages\/3254\/revisions\/53045"}],"up":[{"embeddable":true,"href":"https:\/\/www.amt.genova.it\/amt\/wp-json\/wp\/v2\/pages\/2163"}],"wp:attachment":[{"href":"https:\/\/www.amt.genova.it\/amt\/wp-json\/wp\/v2\/media?parent=3254"}],"curies":[{"name":"wp","href":"https:\/\/api.w.org\/{rel}","templated":true}]}}