{"id":2163,"date":"2015-12-09T09:36:52","date_gmt":"2015-12-09T08:36:52","guid":{"rendered":"http:\/\/172.18.13.205\/amt\/?page_id=2163"},"modified":"2025-11-26T10:43:13","modified_gmt":"2025-11-26T09:43:13","slug":"trasporto-multimodale","status":"publish","type":"page","link":"https:\/\/www.amt.genova.it\/amt\/trasporto-multimodale\/","title":{"rendered":"Rete e Orari"},"content":{"rendered":"<h2>Il trasporto multimodale<\/h2>\n<p>&nbsp;<\/p>\n<div class=\"row-fluid \">\n<p>AMT \u00e8 una grande azienda multimodale che garantisce il <strong>trasporto pubblico<\/strong> su tutta l\u2019<strong>area della Citt\u00e0 Metropolitana di Genova<\/strong>, che comprende 67 Comuni (pi\u00f9 alcuni Comuni delle province della Spezia, Savona e Piacenza per un totale di 77 Comuni serviti) e oltre 800 mila cittadini. AMT mette a disposizione dei suoi passeggeri <strong>7 diverse modalit\u00e0<\/strong> di trasporto a servizio della mobilit\u00e0 urbana di Genova e un articolato sistema di linee extraurbane per il trasporto pubblico dell\u2019area metropolitana.<\/p>\n<p>Ogni giorno, 365 giorni all\u2019anno, AMT collega il centro alle periferie, le aree collinari con la zona costiera, su un territorio vasto, difficile e sfidante.<\/p>\n<p>L\u2019azienda ha avviato da tempo un percorso di rinnovamento e trasformazione, mostrando un nuovo entusiasmo, un nuovo approccio alla mobilit\u00e0 come elemento qualificante per lo sviluppo del territorio servito, un nuovo modo di porsi verso i cittadini e verso il cambiamento.<\/p>\n<p>La caratteristica di AMT \u00e8 proprio la <strong>multimodalit\u00e0<\/strong>, che a Genova comprende cinque diverse tipologie di <strong>autobus<\/strong>, la<strong> metropolitana<\/strong>, 2 <strong>funicolari<\/strong>, una <strong>ferrovia a cremagliera<\/strong>, 13 <strong>ascensori<\/strong>, la <strong>Navebus<\/strong> e la <strong>ferrovia Genova-Casella<\/strong>; un sistema articolato di servizi di trasporto che ha l\u2019obiettivo di promuovere sempre pi\u00f9 la mobilit\u00e0 sostenibile a vantaggio di una migliore qualit\u00e0 della vita. Non a caso, 5 delle 7 modalit\u00e0 di trasporto di AMT sono 100% elettriche.<\/p>\n<p>Con oltre <strong>3.000 dipendenti<\/strong> e circa <strong>900 bus<\/strong>, la \u201cgrande\u201d AMT \u00e8 oggi il quinto player del tpl nazionale. Gestisce <strong>277 linee bus<\/strong> che collegano in maniera capillare <strong>2.503 km di rete<\/strong>.<\/p>\n<p>In ambito urbano il servizio su gomma comprende anche 17 <strong>servizi integrativi<\/strong>, \u00a0svolti su minibus grazie ai quali \u00e8 possibile raggiungere i punti pi\u00f9 difficili della citt\u00e0. Inoltre, AMT ha attivato i <strong>Servizi a Chiamata<\/strong> in diverse zone del territorio: in ambito urbano 19 linee <strong>Taxibus <\/strong>e\u00a04 <strong>Drinbus<\/strong> e in ambito provinciale 9 <strong>Chiama il Bus<\/strong> .<\/p>\n<p>Per l'aeroporto Cristoforo Colombo \u00e8 possibile scegliere\u00a0<strong>Volabus<\/strong>, il servizio dedicato che in soli 30 minuti collega il centro e le due stazioni ferroviarie di Brignole e Principe allo scalo genovese. E dalla stazione FS di Sestri Ponente si pu\u00f2 raggiungere lo scalo aeroportuale in soli 5 minuti con il servizio <strong>Genova Airlink.<\/strong><\/p>\n<p>AMT non \u00e8 solo bus, ma anche impianti speciali: <strong>due funicolari (Zecca-Righi <\/strong>e<strong> Sant\u2019Anna)<\/strong>, <strong>una<\/strong> <strong>ferrovia a cremagliera<\/strong> (<strong>Principe-Granarolo<\/strong>) e <strong>12 ascensori<\/strong> permettono di scoprire angoli inusuali e vedute uniche della citt\u00e0 verticale, come le alture del Righi o il belvedere di Castelletto con un panorama eccezionale sulla citt\u00e0.<\/p>\n<p>Per spostarsi a Genova si pu\u00f2 utilizzare anche la <strong>metropolitana,<\/strong> che dalla Valpolcevera consente di raggiungere il centro. Un percorso di 7,2 km che si snoda attraverso 8 stazioni, altrettante finestre aperte sulla citt\u00e0.<\/p>\n<ul>\n<li><a href=\"\/amt\/trasporto-multimodale\/pianifica-il-viaggio\/\">Pianifica il viaggio<\/a><\/li>\n<li>La mappa della rete AMT:<br \/>\n<a href=\"https:\/\/www.amt.genova.it\/amt\/wp-content\/uploads\/2025\/06\/MAPPA-GENOVA-2025.pdf\">servizio urbano<\/a><br \/>\n<a href=\"https:\/\/www.amt.genova.it\/amt\/wp-content\/uploads\/2025\/06\/Mappa-Provinciale-PER-SITO-scaled.jpg\">servizio extraurbano<\/a><br \/>\n<a href=\"https:\/\/www.amt.genova.it\/amt\/wp-content\/uploads\/2025\/11\/100x70-MAPPA-METRO-LOGHI-scaled.png\">metropolitana<\/a><\/li>\n<li><strong><a href=\"https:\/\/www.amt.genova.it\/amt\/trasporto-multimodale\/linee-bus-urbane\/park-bus\/\">Park + bus<\/a><\/strong><\/li>\n<\/ul>\n<\/div> <!-- .row-fluid (end) -->\n<div class=\"row \">\n<div class=\"span3 \"><a href=\"https:\/\/www.amt.genova.it\/amt\/trasporto-multimodale\/linee-bus-urbane\/\"><img loading=\"lazy\" decoding=\"async\" class=\"alignleft wp-image-37687 size-full\" src=\"https:\/\/www.amt.genova.it\/amt\/wp-content\/uploads\/2023\/02\/eSolaris255x171.jpg\" alt=\"\" width=\"255\" height=\"171\" \/><br \/>\nLinee Bus Urbane<\/a><\/div>\n<div class=\"span3 \"><a href=\"https:\/\/www.amt.genova.it\/amt\/trasporto-multimodale\/linee-bus-provinciali-old\/\"><img loading=\"lazy\" decoding=\"async\" class=\"alignleft wp-image-41111 size-full\" src=\"https:\/\/www.amt.genova.it\/amt\/wp-content\/uploads\/2023\/10\/bus782_255x171.jpg\" alt=\"\" width=\"255\" height=\"171\" \/><br \/>\n<\/a><a href=\"https:\/\/www.amt.genova.it\/amt\/trasporto-multimodale\/linee-bus-provinciali\/\">Linee Bus Provinciali<\/a><\/div>\n<div class=\"span3 \"><a href=\"\/amt\/trasporto-multimodale\/metropolitana\/\"><img loading=\"lazy\" decoding=\"async\" class=\"alignnone wp-image-25026 size-full\" src=\"\/amt\/wp-content\/uploads\/2021\/01\/trenometro.jpg\" alt=\"\" width=\"255\" height=\"171\" \/><br \/>\nMetropolitana<\/a><\/div>\n<div class=\"span3 \"><a href=\"\/amt\/trasporto-multimodale\/funicolari\/\"><img loading=\"lazy\" decoding=\"async\" class=\"alignnone wp-image-2900 size-full\" src=\"\/amt\/wp-content\/uploads\/2015\/12\/img_funicolari_hp.jpg\" alt=\"\" width=\"255\" height=\"171\" \/><\/a><br \/>\n<a href=\"\/amt\/trasporto-multimodale\/funicolari\/\">Funicolari<\/a><\/div>\n<\/div><!-- .row (end) -->\n<p>&nbsp;<\/p>\n<div class=\"row \">\n<div class=\"span3 \"><img loading=\"lazy\" decoding=\"async\" class=\"alignnone wp-image-25025 size-full\" src=\"\/amt\/wp-content\/uploads\/2021\/01\/castelletto.jpg\" alt=\"\" width=\"255\" height=\"171\" \/><br \/>\n<a href=\"\/amt\/trasporto-multimodale\/ascensori\/\">Ascensori<\/a><\/div>\n<p>&nbsp;<\/p>\n<div class=\"span3 \"><img loading=\"lazy\" decoding=\"async\" class=\"alignnone wp-image-7677\" src=\"\/amt\/wp-content\/uploads\/2016\/06\/navebus-e1465994342633.jpg\" alt=\"\" width=\"256\" height=\"171\" srcset=\"https:\/\/www.amt.genova.it\/amt\/wp-content\/uploads\/2016\/06\/navebus-e1465994342633.jpg 370w, https:\/\/www.amt.genova.it\/amt\/wp-content\/uploads\/2016\/06\/navebus-e1465994342633-300x200.jpg 300w\" sizes=\"auto, (max-width: 256px) 100vw, 256px\" \/><br \/>\n<a href=\"https:\/\/www.amt.genova.it\/amt\/trasporto-multimodale\/navebus-2\/\">Navebus<\/a><\/div>\n<div class=\"span3 \"><img loading=\"lazy\" decoding=\"async\" class=\"alignleft wp-image-34715 size-full\" src=\"\/amt\/wp-content\/uploads\/2022\/08\/volabus255x171.jpg\" alt=\"\" width=\"255\" height=\"171\" \/><br \/>\n<a href=\"https:\/\/www.amt.genova.it\/amt\/trasporto-multimodale\/volabus-2\/\">Volabus<\/a><\/div>\n<div class=\"span3 \"><img loading=\"lazy\" decoding=\"async\" class=\"alignleft wp-image-36929\" src=\"https:\/\/www.amt.genova.it\/amt\/wp-content\/uploads\/2023\/01\/Genova_Air-255x171-1-300x201.jpg\" alt=\"\" width=\"255\" height=\"171\" srcset=\"https:\/\/www.amt.genova.it\/amt\/wp-content\/uploads\/2023\/01\/Genova_Air-255x171-1-300x201.jpg 300w, https:\/\/www.amt.genova.it\/amt\/wp-content\/uploads\/2023\/01\/Genova_Air-255x171-1-1024x687.jpg 1024w, https:\/\/www.amt.genova.it\/amt\/wp-content\/uploads\/2023\/01\/Genova_Air-255x171-1-768x515.jpg 768w, https:\/\/www.amt.genova.it\/amt\/wp-content\/uploads\/2023\/01\/Genova_Air-255x171-1-1536x1030.jpg 1536w, https:\/\/www.amt.genova.it\/amt\/wp-content\/uploads\/2023\/01\/Genova_Air-255x171-1-2048x1373.jpg 2048w\" sizes=\"auto, (max-width: 255px) 100vw, 255px\" \/><br \/>\n<a href=\"https:\/\/www.amt.genova.it\/amt\/trasporto-multimodale\/genova-airlink\/\">Genova Airlink<\/a><\/div>\n<\/div><!-- .row (end) -->\n<p>&nbsp;<\/p>\n<div class=\"row \">\n<div class=\"span3 \"><img loading=\"lazy\" decoding=\"async\" class=\"alignleft wp-image-34719 size-full\" src=\"\/amt\/wp-content\/uploads\/2022\/08\/drinbus255x171.jpg\" alt=\"\" width=\"255\" height=\"171\" \/><br \/>\n<a href=\"\/amt\/trasporto-multimodale\/drinbus\/\">Drinbus<\/a><\/div>\n<div class=\"span3 \"><img loading=\"lazy\" decoding=\"async\" class=\"alignnone wp-image-7680\" src=\"\/amt\/wp-content\/uploads\/2016\/06\/servizio-integrativo-e1465995750437.jpg\" alt=\"\" width=\"255\" height=\"171\" \/><br \/>\n<a href=\"\/amt\/trasporto-multimodale\/servizi-integrativi\/\">Servizi Integrativi<\/a><\/div>\n<div class=\"span3 \"><a href=\"\/amt\/trasporto-multimodale\/taxibus\/\"><img loading=\"lazy\" decoding=\"async\" class=\"alignnone wp-image-4978 size-full\" src=\"\/amt\/wp-content\/uploads\/2016\/03\/taxibus-fermata.jpg\" alt=\"\" width=\"255\" height=\"171\" \/><\/a><br \/>\n<a href=\"\/amt\/trasporto-multimodale\/taxibus\/\">Taxibus<\/a><\/div>\n<div class=\"span3 \"><a href=\"\/amt\/trasporto-multimodale\/servizio-disabili\/\"><img loading=\"lazy\" decoding=\"async\" class=\"alignnone size-full wp-image-2911\" src=\"\/amt\/wp-content\/uploads\/2015\/12\/img_disabili_hp.jpg\" alt=\"img_disabili\" width=\"255\" height=\"171\" \/><\/a><br \/>\n<a href=\"\/amt\/trasporto-multimodale\/servizio-disabili\/\">Servizio persone con disabilit\u00e0<\/a><\/div>\n<\/div><!-- .row (end) -->\n<p>&nbsp;<\/p>\n<div class=\"row \">\n<div class=\"span3 \"><img loading=\"lazy\" decoding=\"async\" class=\"alignnone wp-image-25027 size-full\" src=\"\/amt\/wp-content\/uploads\/2021\/01\/FGC-A2.jpg\" alt=\"\" width=\"255\" height=\"171\" \/><br \/>\n<a href=\"http:\/\/www.ferroviagenovacasella.it\/\">Ferrovia Genova Casella<\/a><\/div>\n<div class=\"span3 \"><a href=\"\/amt\/trasporto-multimodale\/corsie-riservate\/\"><img loading=\"lazy\" decoding=\"async\" class=\"alignnone wp-image-4975 size-full\" src=\"\/amt\/wp-content\/uploads\/2015\/12\/foto-corsie-riservate.jpg\" alt=\"\" width=\"255\" height=\"171\" \/><\/a><br \/>\n<a href=\"\/amt\/trasporto-multimodale\/corsie-riservate\/\">Corsie riservate<\/a><\/div>\n<div class=\"span3 \"><img loading=\"lazy\" decoding=\"async\" class=\"alignleft wp-image-41113 size-full\" src=\"https:\/\/www.amt.genova.it\/amt\/wp-content\/uploads\/2023\/10\/APP255x171.jpg\" alt=\"\" width=\"255\" height=\"171\" \/><br \/>\n<a href=\"https:\/\/www.amt.genova.it\/amt\/trasporto-multimodale\/app-amt\/\">APP AMT<\/a><\/div>\n<div class=\"span3 \"><img loading=\"lazy\" decoding=\"async\" class=\"alignnone wp-image-4845 size-full\" src=\"\/amt\/wp-content\/uploads\/2016\/03\/regolamenti-sanzioni-regolamenti.jpg\" alt=\"\" width=\"255\" height=\"171\" \/><br \/>\n<a href=\"https:\/\/www.amt.genova.it\/amt\/regolamenti-di-viaggio\/\">Regolamenti di viaggio<\/a><\/div>\n<\/div><!-- .row (end) -->\n ","protected":false},"excerpt":{"rendered":"Il trasporto multimodale &nbsp; &nbsp; &nbsp; &nbsp;","protected":false},"author":1,"featured_media":0,"parent":0,"menu_order":0,"comment_status":"closed","ping_status":"closed","template":"page-fullwidth.php","meta":{"footnotes":""},"class_list":["post-2163","page","type-page","status-publish","hentry"],"_links":{"self":[{"href":"https:\/\/www.amt.genova.it\/amt\/wp-json\/wp\/v2\/pages\/2163","targetHints":{"allow":["GET"]}}],"collection":[{"href":"https:\/\/www.amt.genova.it\/amt\/wp-json\/wp\/v2\/pages"}],"about":[{"href":"https:\/\/www.amt.genova.it\/amt\/wp-json\/wp\/v2\/types\/page"}],"author":[{"embeddable":true,"href":"https:\/\/www.amt.genova.it\/amt\/wp-json\/wp\/v2\/users\/1"}],"replies":[{"embeddable":true,"href":"https:\/\/www.amt.genova.it\/amt\/wp-json\/wp\/v2\/comments?post=2163"}],"version-history":[{"count":97,"href":"https:\/\/www.amt.genova.it\/amt\/wp-json\/wp\/v2\/pages\/2163\/revisions"}],"predecessor-version":[{"id":51675,"href":"https:\/\/www.amt.genova.it\/amt\/wp-json\/wp\/v2\/pages\/2163\/revisions\/51675"}],"wp:attachment":[{"href":"https:\/\/www.amt.genova.it\/amt\/wp-json\/wp\/v2\/media?parent=2163"}],"curies":[{"name":"wp","href":"https:\/\/api.w.org\/{rel}","templated":true}]}}