{"id":203,"date":"2011-09-14T09:45:02","date_gmt":"2011-09-14T09:45:02","guid":{"rendered":"http:\/\/192.168.9.29\/Development\/TB\/?page_id=203"},"modified":"2026-04-28T16:44:42","modified_gmt":"2026-04-28T14:44:42","slug":"home","status":"publish","type":"page","link":"https:\/\/www.amt.genova.it\/amt\/","title":{"rendered":"Home"},"content":{"rendered":"<div class=\"row \">\n<div class=\"span6 \"><div id=\"home-last-news\">\n<div class=\"title-box clearfix home3\"><h2 class=\"title-box_primary\">AMT notizie<\/h2><\/div><!-- \/\/.title-box --><div class=\"posts-list home-list\"><div class=\"row-fluid\"><figure class=\"featured-thumbnail thumbnail \"><a class=\"image\" href=\"https:\/\/www.amt.genova.it\/amt\/linee-amt-per-lincontro-di-calcio-sampdoria-sudtirol-3\/\"><img loading=\"lazy\" decoding=\"async\" width=\"170\" height=\"98\" src=\"https:\/\/www.amt.genova.it\/amt\/wp-content\/uploads\/2022\/09\/stadio-luigi-ferraris-1-170x98.jpg\" class=\"attachment-thumbnail size-thumbnail wp-post-image\" alt=\"\" \/><\/a><\/figure>  <div class=\"post_meta\"><span class=\"post_date\"><span style=\"background-color: orange;display: inline-block;\">&nbsp;&nbsp;&nbsp;&nbsp;&nbsp;&nbsp;<\/span>&nbsp;&nbsp;&nbsp;<time>29.04.2026<\/div><\/span><\/time><h2 class=\"post-title\"><a class=\"title\" href=\"https:\/\/www.amt.genova.it\/amt\/linee-amt-per-lincontro-di-calcio-sampdoria-sudtirol-3\/\">Linee AMT per l\u2019incontro di calcio Sampdoria-S\u00fcdtirol<\/a><\/h2> <!--span class=\"excerpt-dash\">-<\/span--> <div class=\"post_content\"><p class=\"excerpt\">In occasione dell\u2019incontro di calcio Sampdoria-S\u00fcdtirol, in programma venerd\u00ec 1 maggio alle ore 15.00 allo <a class=\"btn btn-primary\" href=\"https:\/\/www.amt.genova.it\/amt\/linee-amt-per-lincontro-di-calcio-sampdoria-sudtirol-3\/\">&gt;<\/a><\/p><\/div><\/div><div class=\"row-fluid\"><figure class=\"featured-thumbnail thumbnail \"><a class=\"image\" href=\"https:\/\/www.amt.genova.it\/amt\/linee-727-e-740-variazione-temporanea-ai-percorsi-mercoledi-29-aprile\/\"><img loading=\"lazy\" decoding=\"async\" width=\"170\" height=\"98\" src=\"https:\/\/www.amt.genova.it\/amt\/wp-content\/uploads\/2023\/10\/727-170x98.jpg\" class=\"attachment-thumbnail size-thumbnail wp-post-image\" alt=\"\" \/><\/a><\/figure>  <div class=\"post_meta\"><span class=\"post_date\"><span style=\"background-color: darkblue;display: inline-block;\">&nbsp;&nbsp;&nbsp;&nbsp;&nbsp;&nbsp;<\/span>&nbsp;&nbsp;&nbsp;<time>28.04.2026<\/div><\/span><\/time><h2 class=\"post-title\"><a class=\"title\" href=\"https:\/\/www.amt.genova.it\/amt\/linee-727-e-740-variazione-temporanea-ai-percorsi-mercoledi-29-aprile\/\">Linee 727 e 740: Variazione temporanea ai percorsi mercoled\u00ec 29 aprile<\/a><\/h2> <!--span class=\"excerpt-dash\">-<\/span--> <div class=\"post_content\"><p class=\"excerpt\">Si informa la Clientela che, a seguito di lavori stradali nel Comune di Casella, mercoled\u00ec <a class=\"btn btn-primary\" href=\"https:\/\/www.amt.genova.it\/amt\/linee-727-e-740-variazione-temporanea-ai-percorsi-mercoledi-29-aprile\/\">&gt;<\/a><\/p><\/div><\/div><div class=\"row-fluid\"><figure class=\"featured-thumbnail thumbnail \"><a class=\"image\" href=\"https:\/\/www.amt.genova.it\/amt\/stazione-metro-di-brin-ripristinato-il-servizio-di-un-ascensore\/\"><img loading=\"lazy\" decoding=\"async\" width=\"146\" height=\"98\" src=\"https:\/\/www.amt.genova.it\/amt\/wp-content\/uploads\/2016\/02\/icona-ascensori-big.jpg\" class=\"attachment-thumbnail size-thumbnail wp-post-image\" alt=\"\" \/><\/a><\/figure>  <div class=\"post_meta\"><span class=\"post_date\"><span style=\"background-color: orange;display: inline-block;\">&nbsp;&nbsp;&nbsp;&nbsp;&nbsp;&nbsp;<\/span>&nbsp;&nbsp;&nbsp;<time>27.04.2026<\/div><\/span><\/time><h2 class=\"post-title\"><a class=\"title\" href=\"https:\/\/www.amt.genova.it\/amt\/stazione-metro-di-brin-ripristinato-il-servizio-di-un-ascensore\/\">Stazione metro di Brin, ripristinato il servizio di un ascensore<\/a><\/h2> <!--span class=\"excerpt-dash\">-<\/span--> <div class=\"post_content\"><p class=\"excerpt\">Si informa che \u00e8 stato ripristinato il servizio di un ascensore della stazione metropolitana di <a class=\"btn btn-primary\" href=\"https:\/\/www.amt.genova.it\/amt\/stazione-metro-di-brin-ripristinato-il-servizio-di-un-ascensore\/\">&gt;<\/a><\/p><\/div><\/div><div class=\"row-fluid\"><figure class=\"featured-thumbnail thumbnail \"><a class=\"image\" href=\"https:\/\/www.amt.genova.it\/amt\/linee-480-e-482-mercoledi-29-aprile-temporanea-modifica-di-percorso\/\"><img loading=\"lazy\" decoding=\"async\" width=\"170\" height=\"98\" src=\"https:\/\/www.amt.genova.it\/amt\/wp-content\/uploads\/2016\/08\/Linea-480-bus-nuovi-2-e1472023338649-170x98.jpg\" class=\"attachment-thumbnail size-thumbnail wp-post-image\" alt=\"\" \/><\/a><\/figure>  <div class=\"post_meta\"><span class=\"post_date\"><span style=\"background-color: orange;display: inline-block;\">&nbsp;&nbsp;&nbsp;&nbsp;&nbsp;&nbsp;<\/span>&nbsp;&nbsp;&nbsp;<time>27.04.2026<\/div><\/span><\/time><h2 class=\"post-title\"><a class=\"title\" href=\"https:\/\/www.amt.genova.it\/amt\/linee-480-e-482-mercoledi-29-aprile-temporanea-modifica-di-percorso\/\">Linee 480 e 482, mercoled\u00ec 29 aprile temporanea modifica di percorso<\/a><\/h2> <!--span class=\"excerpt-dash\">-<\/span--> <div class=\"post_content\"><p class=\"excerpt\">A seguito dell\u2019interdizione al transito veicolare di un tratto di via De Pr\u00e0, mercoled\u00ec 29 <a class=\"btn btn-primary\" href=\"https:\/\/www.amt.genova.it\/amt\/linee-480-e-482-mercoledi-29-aprile-temporanea-modifica-di-percorso\/\">&gt;<\/a><\/p><\/div><\/div><div class=\"row-fluid\"><figure class=\"featured-thumbnail thumbnail \"><a class=\"image\" href=\"https:\/\/www.amt.genova.it\/amt\/ferrovia-genova-casella-servizio-misto-treno-bus-al-sabato-e-festivi-dal-25-aprile\/\"><img loading=\"lazy\" decoding=\"async\" width=\"170\" height=\"98\" src=\"https:\/\/www.amt.genova.it\/amt\/wp-content\/uploads\/2022\/09\/DSC_0731-170x98.jpg\" class=\"attachment-thumbnail size-thumbnail wp-post-image\" alt=\"\" \/><\/a><\/figure>  <div class=\"post_meta\"><span class=\"post_date\"><span style=\"background-color: lightgray;display: inline-block;\">&nbsp;&nbsp;&nbsp;&nbsp;&nbsp;&nbsp;<\/span>&nbsp;&nbsp;&nbsp;<time>24.04.2026<\/div><\/span><\/time><h2 class=\"post-title\"><a class=\"title\" href=\"https:\/\/www.amt.genova.it\/amt\/ferrovia-genova-casella-servizio-misto-treno-bus-al-sabato-e-festivi-dal-25-aprile\/\">Ferrovia Genova-Casella, servizio misto treno\/bus al sabato e festivi dal 25 aprile<\/a><\/h2> <!--span class=\"excerpt-dash\">-<\/span--> <div class=\"post_content\"><p class=\"excerpt\">Dal 25 aprile tornano le corse con il treno tra Casella e Vicomorasso grazie al <a class=\"btn btn-primary\" href=\"https:\/\/www.amt.genova.it\/amt\/ferrovia-genova-casella-servizio-misto-treno-bus-al-sabato-e-festivi-dal-25-aprile\/\">&gt;<\/a><\/p><\/div><\/div><div class=\"row-fluid\"><figure class=\"featured-thumbnail thumbnail \"><a class=\"image\" href=\"https:\/\/www.amt.genova.it\/amt\/metropolitana-il-programma-delle-attivita-di-manutenzione-serale-da-lunedi-27-a-giovedi-30-aprile\/\"><img loading=\"lazy\" decoding=\"async\" width=\"146\" height=\"98\" src=\"https:\/\/www.amt.genova.it\/amt\/wp-content\/uploads\/2015\/12\/img_metropolitana.jpg\" class=\"attachment-thumbnail size-thumbnail wp-post-image\" alt=\"\" \/><\/a><\/figure>  <div class=\"post_meta\"><span class=\"post_date\"><span style=\"background-color: orange;display: inline-block;\">&nbsp;&nbsp;&nbsp;&nbsp;&nbsp;&nbsp;<\/span>&nbsp;&nbsp;&nbsp;<time>24.04.2026<\/div><\/span><\/time><h2 class=\"post-title\"><a class=\"title\" href=\"https:\/\/www.amt.genova.it\/amt\/metropolitana-il-programma-delle-attivita-di-manutenzione-serale-da-lunedi-27-a-giovedi-30-aprile\/\">Metropolitana: il programma delle attivit\u00e0 di manutenzione serale da luned\u00ec 27 a gioved\u00ec 30 aprile<\/a><\/h2> <!--span class=\"excerpt-dash\">-<\/span--> <div class=\"post_content\"><p class=\"excerpt\">Il piano settimanale di manutenzione serale della metropolitana prevede lo svolgimento di test sui nuovi <a class=\"btn btn-primary\" href=\"https:\/\/www.amt.genova.it\/amt\/metropolitana-il-programma-delle-attivita-di-manutenzione-serale-da-lunedi-27-a-giovedi-30-aprile\/\">&gt;<\/a><\/p><\/div><\/div><div class=\"row-fluid\"><figure class=\"featured-thumbnail thumbnail \"><a class=\"image\" href=\"https:\/\/www.amt.genova.it\/amt\/amt-voce-del-verbo-viaggiare-sostenibile-al-via-la-quarta-edizione-del-progetto\/\"><img loading=\"lazy\" decoding=\"async\" width=\"170\" height=\"98\" src=\"https:\/\/www.amt.genova.it\/amt\/wp-content\/uploads\/2026\/04\/PXL_20260421_083936442.PORTRAIT-170x98.jpg\" class=\"attachment-thumbnail size-thumbnail wp-post-image\" alt=\"\" \/><\/a><\/figure>  <div class=\"post_meta\"><span class=\"post_date\"><span style=\"background-color: lightgray;display: inline-block;\">&nbsp;&nbsp;&nbsp;&nbsp;&nbsp;&nbsp;<\/span>&nbsp;&nbsp;&nbsp;<time>21.04.2026<\/div><\/span><\/time><h2 class=\"post-title\"><a class=\"title\" href=\"https:\/\/www.amt.genova.it\/amt\/amt-voce-del-verbo-viaggiare-sostenibile-al-via-la-quarta-edizione-del-progetto\/\">&#8220;AMT: voce del verbo viaggiare sostenibile&#8221;: al via la quarta edizione del progetto<\/a><\/h2> <!--span class=\"excerpt-dash\">-<\/span--> <div class=\"post_content\"><p class=\"excerpt\">Ha preso il via la quarta edizione del progetto \u201cAMT: voce del verbo viaggiare sostenibile\u201d, <a class=\"btn btn-primary\" href=\"https:\/\/www.amt.genova.it\/amt\/amt-voce-del-verbo-viaggiare-sostenibile-al-via-la-quarta-edizione-del-progetto\/\">&gt;<\/a><\/p><\/div><\/div><div class=\"row-fluid\"><figure class=\"featured-thumbnail thumbnail \"><a class=\"image\" href=\"https:\/\/www.amt.genova.it\/amt\/linee-32-35-35-618-634-635-641-n1-n2-e-volabus-variazioni-temporanee-di-percorso-dal-20-aprile-al-20-maggio\/\"><img loading=\"lazy\" decoding=\"async\" width=\"170\" height=\"98\" src=\"https:\/\/www.amt.genova.it\/amt\/wp-content\/uploads\/2021\/12\/balbi1-170x98.jpg\" class=\"attachment-thumbnail size-thumbnail wp-post-image\" alt=\"\" \/><\/a><\/figure>  <div class=\"post_meta\"><span class=\"post_date\"><span style=\"background-color: orange;display: inline-block;\">&nbsp;&nbsp;&nbsp;&nbsp;&nbsp;&nbsp;<\/span>&nbsp;&nbsp;&nbsp;<time>20.04.2026<\/div><\/span><\/time><h2 class=\"post-title\"><a class=\"title\" href=\"https:\/\/www.amt.genova.it\/amt\/linee-32-35-35-618-634-635-641-n1-n2-e-volabus-variazioni-temporanee-di-percorso-dal-20-aprile-al-20-maggio\/\">Chiusura serale di via Balbi: variazioni temporanee di percorso dal 20 aprile al 20 maggio<\/a><\/h2> <!--span class=\"excerpt-dash\">-<\/span--> <div class=\"post_content\"><p class=\"excerpt\">A seguito dell\u2019interdizione al transito veicolare di via Balbi causa lavori stradali, da luned\u00ec 20 <a class=\"btn btn-primary\" href=\"https:\/\/www.amt.genova.it\/amt\/linee-32-35-35-618-634-635-641-n1-n2-e-volabus-variazioni-temporanee-di-percorso-dal-20-aprile-al-20-maggio\/\">&gt;<\/a><\/p><\/div><\/div><\/div><a href=\"-\/notizie\/\" title=\"tutte le notizie\" class=\"btn btn-default btn-normal btn-inline home2\" target=\"_self\">tutte le notizie<\/a><!-- .btn -->\n<div style=\"clear: both;\"><\/div>\n<\/div><\/div>\n<div class=\"span6 \"><div id=\"home-banner\">\n<div class=\"row \">\n<div class=\"span3 \"><div class=\"banner-wrap home-banner reteorari\"><h5>Servizio di trasporto urbano di Genova<\/h5><figure class=\"featured-thumbnail\"><a href=\"trasporto-multimodale\" title=\"Servizio di trasporto urbano di Genova\"><img decoding=\"async\" src=\"https:\/\/www.amt.genova.it\/amt\/wp-content\/uploads\/2022\/08\/BusSolarisDeFerrari.jpg\" title=\"Servizio di trasporto urbano di Genova\" alt=\"\" \/><\/a><\/figure><p>Bus, metro, funicolari e ascensori: scopri la multimodalit\u00e0 di AMT<\/p><div class=\"link-align banner-btn\"><a href=\"trasporto-multimodale\" title=\"leggi di pi\u00f9\" class=\"btn btn-link\" target=\"_self\">leggi di pi\u00f9<\/a><\/div><\/div><!-- .banner-wrap (end) --><\/div>\n<div class=\"span3 \"><div class=\"banner-wrap home-banner clienti\"><h5>Servizio di trasporto provinciale<\/h5><figure class=\"featured-thumbnail\"><a href=\"https:\/\/www.amt.genova.it\/amt\/trasporto-multimodale\/linee-bus-provinciali\/\" title=\"Servizio di trasporto provinciale\"><img decoding=\"async\" src=\"https:\/\/www.amt.genova.it\/amt\/wp-content\/uploads\/2023\/07\/20230701_102552-scaled-e1688565015908.jpg\" title=\"Servizio di trasporto provinciale\" alt=\"\" \/><\/a><\/figure><p>Servizio di trasporto pubblico provinciale: linee, orari, tariffe<\/p><div class=\"link-align banner-btn\"><a href=\"https:\/\/www.amt.genova.it\/amt\/trasporto-multimodale\/linee-bus-provinciali\/\" title=\"leggi di pi\u00f9\" class=\"btn btn-link\" target=\"_self\">leggi di pi\u00f9<\/a><\/div><\/div><!-- .banner-wrap (end) --><\/div>\n<\/div> <!-- .row (end) -->\n<div class=\"row \">\n<div class=\"span3 \"><div class=\"banner-wrap home-banner pianifica\"><h5>Pianifica il viaggio<\/h5><figure class=\"featured-thumbnail\"><a href=\"trasporto-multimodale\/pianifica-il-viaggio\" title=\"Pianifica il viaggio\"><img decoding=\"async\" src=\"https:\/\/www.amt.genova.it\/amt\/wp-content\/uploads\/2019\/05\/img_calcola_percorso2.jpg\" title=\"Pianifica il viaggio\" alt=\"\" \/><\/a><\/figure><p>Calcola il percorso, visualizza gli orari e i servizi su cellulare<\/p><div class=\"link-align banner-btn\"><a href=\"trasporto-multimodale\/pianifica-il-viaggio\" title=\"leggi di pi\u00f9\" class=\"btn btn-link\" target=\"_self\">leggi di pi\u00f9<\/a><\/div><\/div><!-- .banner-wrap (end) --><\/div>\n<div class=\"span3 \"><div class=\"banner-wrap home-banner biglietti\"><h5>Biglietti e abbonamenti<\/h5><figure class=\"featured-thumbnail\"><a href=\"Biglietti e Abbonamenti 2\" title=\"Biglietti e abbonamenti\"><img decoding=\"async\" src=\"https:\/\/www.amt.genova.it\/amt\/wp-content\/uploads\/2019\/06\/img_biglietti_abbonamenti2.jpg\" title=\"Biglietti e abbonamenti\" alt=\"\" \/><\/a><\/figure><p>Tutti i biglietti e gli abbonamenti per ogni esigenza di spostamento<\/p><div class=\"link-align banner-btn\"><a href=\"Biglietti e Abbonamenti 2\" title=\"leggi di pi\u00f9\" class=\"btn btn-link\" target=\"_self\">leggi di pi\u00f9<\/a><\/div><\/div><!-- .banner-wrap (end) --><\/div>\n<\/div> <!-- .row (end) -->\n<div class=\"row \"><\/div> <!-- .row (end) -->\n<div style=\"margin-top: 20px;\"><div class=\"span6 \"><\/div>\n<!--<a href=\"https:\/\/www.amt.genova.it\/amt\/societa_trasparente\/ricerca-di-personale-autista-bus\/\"><img loading=\"lazy\" decoding=\"async\" class=\"alignnone wp-image-30472 size-full\" src=\"\/amt\/wp-content\/uploads\/2021\/12\/GIF-PROFESSIONE-AUTISTA-2021.gif\" alt=\"\" width=\"700\" height=\"394\" \/><\/a>--><br \/><\/div><\/div>\n<\/div><!-- .row (end) -->\n<div class=\"span3 \"><p><a href=\"https:\/\/www.amt.genova.it\/amt\/biglietti-e-abbonamenti-2\/bigliettazione-elettronica-regionale\/\"><img loading=\"lazy\" decoding=\"async\" class=\"alignleft wp-image-49819 size-full\" src=\"https:\/\/www.amt.genova.it\/amt\/wp-content\/uploads\/2025\/07\/bottone-sito_LiguriaGo.jpg\" alt=\"\" width=\"300\" height=\"250\" \/><\/a><\/p><\/div>\n<div class=\"span3 \"><p><a href=\"https:\/\/www.amt.genova.it\/amt\/wp-content\/uploads\/2025\/11\/LOCANDINA-genova_sportello-consumatoreAMT_def.pdf\"><img loading=\"lazy\" decoding=\"async\" class=\"alignnone wp-image-51362 size-full\" src=\"https:\/\/www.amt.genova.it\/amt\/wp-content\/uploads\/2025\/11\/box-punto-facile.jpg\" alt=\"\" width=\"300\" height=\"250\" \/><\/a><\/p><\/div>\n<p>&nbsp;<\/p>\n<\/div>\n<div class=\"row \">\n<div class=\"span12 \"><div id=\"home_box\" class=\"home_box_dx\"><div class=\"row \">\n<div class=\"span3 \"><div class=\"home_box_sx\"><a href=\"https:\/\/www.amt.genova.it\/amt\/wp-content\/uploads\/2024\/10\/Depliant-turistico-23-provinciale-bassa.pdf\"><img loading=\"lazy\" decoding=\"async\" class=\"alignnone wp-image-46359 size-full\" src=\"https:\/\/www.amt.genova.it\/amt\/wp-content\/uploads\/2024\/10\/BOXdepliantprovinciale.jpg\" alt=\"\" width=\"300\" height=\"300\" \/><\/a><\/div>\n<div class=\"home_box_dx\">\n<p>Scarica il d\u00e9pliant <a class=\"btn btn-primary\" href=\"https:\/\/www.amt.genova.it\/amt\/wp-content\/uploads\/2024\/10\/Depliant-turistico-23-provinciale-bassa.pdf\" rel=\"noopener\">&gt;<\/a><\/p>\n<p>&nbsp;<\/p>\n<\/div><\/div>\n<div class=\"span3 \"><div class=\"home_box_sx\"><a href=\"https:\/\/www.amt.genova.it\/amt\/wp-content\/uploads\/2025\/11\/OK-50x70-NUOVE-TARIFFE-25-26-sito.pdf\"><img loading=\"lazy\" decoding=\"async\" class=\"alignnone wp-image-51512 size-full\" src=\"https:\/\/www.amt.genova.it\/amt\/wp-content\/uploads\/2025\/11\/Boxtariffe25.jpg\" alt=\"\" width=\"300\" height=\"300\" \/><\/a><\/div>\n<div><\/div>\n<div class=\"home_box_dx\">\n<p>Pannello nuove tariffe 2025\u00a0 <a class=\"btn btn-primary\" href=\"https:\/\/www.amt.genova.it\/amt\/wp-content\/uploads\/2025\/11\/OK-50x70-NUOVE-TARIFFE-25-26-sito.pdf\" rel=\"noopener\">&gt;<\/a><\/p>\n<p>&nbsp;<\/p><\/div>\n<\/div>\n<div class=\"span3 \"><div class=\"home_box_sx\"><a href=\"https:\/\/www.amt.genova.it\/amt\/biglietti-e-abbonamenti-2\/adunata-alpini\/\"><img loading=\"lazy\" decoding=\"async\" class=\"alignnone wp-image-53217 size-medium\" src=\"https:\/\/www.amt.genova.it\/amt\/wp-content\/uploads\/2026\/04\/Tiket-adunata-box-300x300.png\" alt=\"\" width=\"300\" height=\"300\" srcset=\"https:\/\/www.amt.genova.it\/amt\/wp-content\/uploads\/2026\/04\/Tiket-adunata-box-300x300.png 300w, https:\/\/www.amt.genova.it\/amt\/wp-content\/uploads\/2026\/04\/Tiket-adunata-box-1024x1024.png 1024w, https:\/\/www.amt.genova.it\/amt\/wp-content\/uploads\/2026\/04\/Tiket-adunata-box-768x768.png 768w, https:\/\/www.amt.genova.it\/amt\/wp-content\/uploads\/2026\/04\/Tiket-adunata-box.png 1080w\" sizes=\"auto, (max-width: 300px) 100vw, 300px\" \/><\/a><\/div>\n<div class=\"home_box_dx\">Biglietto speciale per l\u2019Adunata degli Alpini 2026 a Genova <a class=\"btn btn-primary\" href=\"https:\/\/www.amt.genova.it\/amt\/biglietti-e-abbonamenti-2\/adunata-alpini\/\" rel=\"noopener\">&gt;<\/a><\/div><\/div>\n<div class=\"span3 \"><div class=\"home_box_sx\"><a href=\"https:\/\/www.gogoge.it\"><img loading=\"lazy\" decoding=\"async\" class=\"alignleft wp-image-39639 size-medium\" src=\"https:\/\/www.amt.genova.it\/amt\/wp-content\/uploads\/2023\/06\/logo-gogoge-2023-300x300.png\" alt=\"\" width=\"300\" height=\"300\" srcset=\"https:\/\/www.amt.genova.it\/amt\/wp-content\/uploads\/2023\/06\/logo-gogoge-2023-300x300.png 300w, https:\/\/www.amt.genova.it\/amt\/wp-content\/uploads\/2023\/06\/logo-gogoge-2023-768x768.png 768w, https:\/\/www.amt.genova.it\/amt\/wp-content\/uploads\/2023\/06\/logo-gogoge-2023.png 825w\" sizes=\"auto, (max-width: 300px) 100vw, 300px\" \/><\/a><\/div>\n<div><\/div>\n<div><\/div>\n<div><\/div>\n<div><\/div>\n<div><\/div>\n<div><\/div>\n<div><\/div>\n<div><\/div>\n<div><\/div>\n<div><\/div>\n<div><\/div>\n<div><\/div>\n<div><\/div>\n<div><\/div>\n<div><\/div>\n<div><\/div>\n<div class=\"home_box_dx\">Scopri la App GoGoGe\u00a0 \u00a0<a class=\"btn btn-primary\" href=\"https:\/\/www.gogoge.it\" rel=\"noopener\">&gt;<\/a><\/div><\/div>\n<\/div> <!-- .row (end) -->\n<div class=\"row \">\n<div class=\"span3 \"><div class=\"home_box_sx\"><a href=\"https:\/\/www.amt.genova.it\/amt\/lavora-con-noi-2\/\"><img loading=\"lazy\" decoding=\"async\" class=\"alignnone wp-image-17391 size-medium\" src=\"\/amt\/wp-content\/uploads\/2018\/10\/box-lavora-con-noi-xhp-300x300.jpg\" alt=\"\" width=\"300\" height=\"300\" srcset=\"https:\/\/www.amt.genova.it\/amt\/wp-content\/uploads\/2018\/10\/box-lavora-con-noi-xhp-300x300.jpg 300w, https:\/\/www.amt.genova.it\/amt\/wp-content\/uploads\/2018\/10\/box-lavora-con-noi-xhp.jpg 591w\" sizes=\"auto, (max-width: 300px) 100vw, 300px\" \/><\/a><\/div>\n<div class=\"home_box_dx\">\n<p><span style=\"color: #ff0000;\"><strong>New<\/strong><\/span> Selezioni Attive\u00a0 <a class=\"btn btn-primary\" href=\"https:\/\/www.amt.genova.it\/amt\/lavora-con-noi-2\/selezioni-in-corso-2\/\" rel=\"noopener\">&gt;<\/a><\/p>\n<p>Graduatorie Attive <a class=\"btn btn-primary\" href=\"https:\/\/www.amt.genova.it\/amt\/lavora-con-noi-2\/graduatorie-attive\/\" rel=\"noopener\">&gt;<\/a><\/p>\n<\/div><\/div>\n<div class=\"span3 \"><div class=\"home_box_sx\"><img loading=\"lazy\" decoding=\"async\" class=\"alignleft wp-image-40693 size-full\" src=\"https:\/\/www.amt.genova.it\/amt\/wp-content\/uploads\/2023\/09\/Orario-invernale.jpg\" alt=\"\" width=\"300\" height=\"300\" \/><\/div>\n<div class=\"home_box_dx\">\n<p>Orario urbano <a class=\"btn btn-primary\" href=\"https:\/\/www.amt.genova.it\/amt\/trasporto-multimodale\/pianifica-il-viaggio\/\" rel=\"noopener\">&gt;<\/a><\/p>\n<p>Orario provinciale <a class=\"btn btn-primary\" href=\"https:\/\/www.amt.genova.it\/amt\/trasporto-multimodale\/linee-bus-provinciali\/\" rel=\"noopener\">&gt;<\/a><\/p>\n<\/div><\/div>\n<div class=\"span3 \"><div class=\"home_box_sx\"><a href=\"https:\/\/www.amt.genova.it\/amt\/trasporto-multimodale\/funicolari\/\"><img loading=\"lazy\" decoding=\"async\" class=\"alignleft wp-image-38610 size-medium\" src=\"https:\/\/www.amt.genova.it\/amt\/wp-content\/uploads\/2023\/04\/cover-Libretto-TETTO-della-citta-IT-300x300.jpg\" alt=\"\" width=\"300\" height=\"300\" srcset=\"https:\/\/www.amt.genova.it\/amt\/wp-content\/uploads\/2023\/04\/cover-Libretto-TETTO-della-citta-IT-300x300.jpg 300w, https:\/\/www.amt.genova.it\/amt\/wp-content\/uploads\/2023\/04\/cover-Libretto-TETTO-della-citta-IT-1024x1022.jpg 1024w, https:\/\/www.amt.genova.it\/amt\/wp-content\/uploads\/2023\/04\/cover-Libretto-TETTO-della-citta-IT-768x766.jpg 768w, https:\/\/www.amt.genova.it\/amt\/wp-content\/uploads\/2023\/04\/cover-Libretto-TETTO-della-citta-IT-1536x1533.jpg 1536w, https:\/\/www.amt.genova.it\/amt\/wp-content\/uploads\/2023\/04\/cover-Libretto-TETTO-della-citta-IT.jpg 1761w\" sizes=\"auto, (max-width: 300px) 100vw, 300px\" \/><\/a><\/div>\n<div class=\"home_box_dx\">\n<p>Scopri gli impianti speciali di AMT: ascensori, funicolari e una ferrovia a cremagliera <a class=\"btn btn-primary\" href=\"https:\/\/www.amt.genova.it\/amt\/trasporto-multimodale\/funicolari\/\" rel=\"noopener\">&gt;<\/a><\/p>\n<\/div><\/div>\n<div class=\"span3 \"><div class=\"home_box_sx\"><a href=\"https:\/\/www.amt.genova.it\/amt\/clienti\/servizi-agli-abbonati\/club-amt\/\"><img loading=\"lazy\" decoding=\"async\" class=\"alignleft wp-image-35808 size-full\" src=\"https:\/\/www.amt.genova.it\/amt\/wp-content\/uploads\/2022\/10\/box-sito-club-300X300.png\" alt=\"\" width=\"300\" height=\"300\" \/><\/a><\/div>\n<div class=\"home_box_dx\">Club AMT\u00a0 <a class=\"btn btn-primary\" href=\"https:\/\/www.amt.genova.it\/amt\/clienti\/servizi-agli-abbonati\/club-amt\/\" rel=\"noopener\">&gt;<\/a><\/div><\/div>\n<div class=\"span3 \"><div class=\"home_box_sx\"><a href=\"https:\/\/www.amt.genova.it\/amt\/trasporto-multimodale\/chiama-il-bus\/\"><img loading=\"lazy\" decoding=\"async\" class=\"alignnone wp-image-34098 size-full\" src=\"\/amt\/wp-content\/uploads\/2022\/06\/chiama-il-bus-bottone.jpg\" alt=\"\" width=\"300\" height=\"300\" \/><\/a><\/div>\n<div class=\"home_box_dx\">Servizio a chiamata della rete provinciale\u00a0 \u00a0<a class=\"btn btn-primary\" href=\"https:\/\/www.amt.genova.it\/amt\/trasporto-multimodale\/chiama-il-bus\/\" rel=\"noopener\">&gt;<\/a><\/div><\/div>\n<div class=\"span3 \"><div class=\"home_box_sx\"><img loading=\"lazy\" decoding=\"async\" class=\"alignnone wp-image-21613 size-medium\" src=\"https:\/\/www.amt.genova.it\/amt\/wp-content\/uploads\/2019\/12\/box-scopri-genova-in-bus-300x300.jpg\" alt=\"\" width=\"300\" height=\"300\" srcset=\"https:\/\/www.amt.genova.it\/amt\/wp-content\/uploads\/2019\/12\/box-scopri-genova-in-bus-300x300.jpg 300w, https:\/\/www.amt.genova.it\/amt\/wp-content\/uploads\/2019\/12\/box-scopri-genova-in-bus.jpg 591w\" sizes=\"auto, (max-width: 300px) 100vw, 300px\" \/><\/div>\n<div class=\"home_box_dx\">Scarica il d\u00e9pliant <a class=\"btn btn-primary\" href=\"https:\/\/www.amt.genova.it\/amt\/wp-content\/uploads\/2024\/06\/EXE-OK-Depliant-turistico-22-bassa.pdf\" rel=\"noopener\">&gt;<\/a><\/div>\n<div class=\"home_box_dx\"><\/div><\/div>\n<div class=\"span3 \"><div class=\"home_box_sx\"><a href=\"https:\/\/www.amt.genova.it\/amt\/clienti\/pedestribus\/\"><img loading=\"lazy\" decoding=\"async\" class=\"alignleft wp-image-32713 size-full\" src=\"https:\/\/www.amt.genova.it\/amt\/wp-content\/uploads\/2022\/04\/boxPedestibusAcquedotto.jpg\" alt=\"\" width=\"300\" height=\"300\" \/><\/a><\/div>\n<div class=\"home_box_dx\">PedeStriBus <a class=\"btn btn-primary\" href=\"https:\/\/www.amt.genova.it\/amt\/clienti\/pedestribus\/\" rel=\"noopener\">&gt;<\/a><\/div><\/div>\n<div class=\"span3 \"><div class=\"home_box_sx\"><a href=\"https:\/\/smart.comune.genova.it\/genovaalert\"><img loading=\"lazy\" decoding=\"async\" class=\"alignnone wp-image-21484 size-medium\" src=\"\/amt\/wp-content\/uploads\/2019\/11\/Box591x591-300x300.png\" alt=\"\" width=\"300\" height=\"300\" srcset=\"https:\/\/www.amt.genova.it\/amt\/wp-content\/uploads\/2019\/11\/Box591x591-300x300.png 300w, https:\/\/www.amt.genova.it\/amt\/wp-content\/uploads\/2019\/11\/Box591x591.png 591w\" sizes=\"auto, (max-width: 300px) 100vw, 300px\" \/><\/a><\/div>\n<div class=\"home_box_dx\">Ora gli avvisi su Genova li ricevi al volo <a class=\"btn btn-primary\" href=\"https:\/\/smart.comune.genova.it\/genovaalert\" target=\"_blank\" rel=\"noopener\">&gt;<\/a><\/div><\/div>\n<\/div> <!-- .row (end) --><\/div>\n<\/div><!-- .row (end) -->\n<div class=\"row \">\n<div class=\"span12 \"><div id=\"innova_big\" style=\"margin: 30px auto 0;\"><a href=\"https:\/\/www.amt.genova.it\/amt\/amt-istituzionale\/amtinnova\/\"><img decoding=\"async\" style=\"border-radius: 10px;\" src=\"\/amt\/wp-content\/uploads\/2023\/01\/STRISCIA-HOME-PAGE-1210X110.png\" \/><\/a><\/div><\/div>\n<\/div><!-- .row (end) -->\n<\/div>\n ","protected":false},"excerpt":{"rendered":"&nbsp;","protected":false},"author":1,"featured_media":0,"parent":0,"menu_order":0,"comment_status":"open","ping_status":"closed","template":"page-home.php","meta":{"footnotes":""},"class_list":["post-203","page","type-page","status-publish","hentry","cat-56-id","cat-4-id","cat-64-id"],"_links":{"self":[{"href":"https:\/\/www.amt.genova.it\/amt\/wp-json\/wp\/v2\/pages\/203","targetHints":{"allow":["GET"]}}],"collection":[{"href":"https:\/\/www.amt.genova.it\/amt\/wp-json\/wp\/v2\/pages"}],"about":[{"href":"https:\/\/www.amt.genova.it\/amt\/wp-json\/wp\/v2\/types\/page"}],"author":[{"embeddable":true,"href":"https:\/\/www.amt.genova.it\/amt\/wp-json\/wp\/v2\/users\/1"}],"replies":[{"embeddable":true,"href":"https:\/\/www.amt.genova.it\/amt\/wp-json\/wp\/v2\/comments?post=203"}],"version-history":[{"count":1168,"href":"https:\/\/www.amt.genova.it\/amt\/wp-json\/wp\/v2\/pages\/203\/revisions"}],"predecessor-version":[{"id":53236,"href":"https:\/\/www.amt.genova.it\/amt\/wp-json\/wp\/v2\/pages\/203\/revisions\/53236"}],"wp:attachment":[{"href":"https:\/\/www.amt.genova.it\/amt\/wp-json\/wp\/v2\/media?parent=203"}],"curies":[{"name":"wp","href":"https:\/\/api.w.org\/{rel}","templated":true}]}}